{"id":69,"date":"2023-02-28T10:15:32","date_gmt":"2023-02-28T09:15:32","guid":{"rendered":"http:\/\/navimo.venti7.e-kei.pl\/?page_id=69"},"modified":"2026-04-07T14:46:34","modified_gmt":"2026-04-07T12:46:34","slug":"polityka-cookies-2","status":"publish","type":"page","link":"https:\/\/navimo.pl\/en\/polityka-cookies-2\/","title":{"rendered":"Cookie policy"},"content":{"rendered":"<section class=\"bde-section-69-102 bde-section\">\n  \n  \n\t\n\n\n\n<div class=\"section-container\"><div class=\"oxy-container-69-103 oxy-container full-w\"><div class=\"oxy-rich-text-69-104 oxy-rich-text\">\n<p> <\/p>\n<h2>Cookie policy<\/h2>\n<h3>1. DEFINICJE<\/h3>\n<p>1.1. Administrator \u2013 NAVIMO z siedzib\u0105 w Warszawie 02-133, Al. Krakowska 291A\/36, REGON:260180638, NIP: 959-160-06-81.<\/p>\n<p>1.2. Dane osobowe \u2013 informacje o osobie fizycznej zidentyfikowanej lub mo\u017cliwej do zidentyfikowania poprzez jeden b\u0105d\u017a kilka szczeg\u00f3lnych czynnik\u00f3w okre\u015blaj\u0105cych fizyczn\u0105, fizjologiczn\u0105, genetyczn\u0105, psychiczn\u0105, ekonomiczn\u0105, kulturow\u0105 lub spo\u0142eczn\u0105 to\u017csamo\u015b\u0107, w tym wizerunek,nagranie g\u0142osu, dane kontaktowe, dane o lokalizacji, informacje zawarte w korespondencji,informacje gromadzone za po\u015brednictwem sprz\u0119tu rejestruj\u0105cego lub innej podobnej technologii.<\/p>\n<p>1.3. Podmiot danych \u2013 osoba fizyczna, kt\u00f3rej dane osobowe s\u0105 przetwarzane przez Administratora,np. osoba prowadz\u0105ca z Administratorem korespondencj\u0119 za po\u015brednictwem poczty elektronicznej.<\/p>\n<p>1.4. Polityka \u2013 niniejsza polityka prywatno\u015bci.<\/p>\n<p>1.5. RODO \u2013 Rozporz\u0105dzenie Parlamentu Europejskiego i Rady (UE) 2016\/679 z dnia 27 kwietnia 2016 r. w sprawie ochrony os\u00f3b fizycznych w zwi\u0105zku z przetwarzaniem danych osobowych i w sprawie swobodnego przep\u0142ywu takich danych oraz uchylenia dyrektywy 95\/46\/WE (og\u00f3lne rozporz\u0105dzenie o ochronie danych) (Dz. Urz. UE L 119 z 04.05.2016, str. 1, z p\u00f3\u017an. zm.).<\/p>\n<h3>2. PRZETWARZANIE DANYCH PRZEZ ADMINISTRATORA<\/h3>\n<p>2.1. W zwi\u0105zku z dzia\u0142alno\u015bci\u0105 gospodarcz\u0105 prowadzon\u0105 przez Administratora zbiera on i przetwarza dane osobowe zgodnie z w\u0142a\u015bciwymi przepisami, w tym w szczeg\u00f3lno\u015bci z RODO.<\/p>\n<p>2.2. Administrator:<\/p>\n<p>2.2.1. zapewnia przejrzysto\u015b\u0107 przetwarzania danych;<\/p>\n<p>2.2.2. zawsze informuje o przetwarzaniu danych w momencie ich zbierania, w szczeg\u00f3lno\u015bci o celu i podstawie prawnej przetwarzania danych osobowych, chyba \u017ce na podstawie odr\u0119bnych przepis\u00f3w nie jest do tego zobowi\u0105zany;<\/p>\n<p>2.2.3. zapewnia, by dane by\u0142y zbierane jedynie w zakresie niezb\u0119dnym do wskazanego celu i przetwarzane by\u0142y tylko przez okres, w jakim jest to niezb\u0119dne.<\/p>\n<p>2.3. Przetwarzaj\u0105c dane, Administrator dba o ich bezpiecze\u0144stwo i poufno\u015b\u0107 oraz o dost\u0119p do informacji o przetwarzaniu Podmiotom danych, w zakresie ich dotycz\u0105cym. W przypadku ,gdy pomimo do\u0142o\u017cenia nale\u017cytej staranno\u015bci przez Administratora dosz\u0142o do naruszenia ochrony danych osobowych takie naruszenie mog\u0142oby powodowa\u0107 wysokie ryzyko naruszenia praw lub wolno\u015bci Podmiot\u00f3w danych, Administrator poinformuje o takim zdarzeniu Podmioty danych.<\/p>\n<p>2.4. Administrator przetwarza dane osobowe w r\u00f3\u017cnych celach, przy czym w zale\u017cno\u015bci od celu, zastosowanie mog\u0105 mie\u0107 r\u00f3\u017cne sposoby zbierania, podstawy prawne przetwarzania, odbiorcy danych oraz okresy przechowywania czy prawa zwi\u0105zane z przetwarzaniem danych osobowych.<\/p>\n<p>Administrator przetwarza dane osobowe w celach okre\u015blonych w poszczeg\u00f3lnych sekcjach niniejszej polityki lub w innych celach ka\u017cdorazowo wskazanych w momencie rozpocz\u0119cia przetwarzania danych przez Administratora.<\/p>\n<h3>3. KONTAKT Z ADMINISTRATOREM<\/h3>\n<p>3.1. Kontakt z Administratorem jest mo\u017cliwy poprzez adres e-mail: piotr.litwin@navimo.pl.<\/p>\n<h3>4. BEZPIECZE\u0143STWO DANYCH OSOBOWYCH<\/h3>\n<p>4.1. W celu zapewnienia integralno\u015bci i poufno\u015bci danych Administrator wprowadzi\u0142 \u015brodki i procedury umo\u017cliwiaj\u0105ce dost\u0119p do danych osobowych jedynie osobom upowa\u017cnionym i wy\u0142\u0105cznie w zakresie, w jakim jest to niezb\u0119dne ze wzgl\u0119du na wykonywane przez te osoby zadania.<\/p>\n<p>4.2. Administrator podejmuje wszelkie dzia\u0142ania konieczne, by tak\u017ce jego podwykonawcy i inne podmioty wsp\u00f3\u0142pracuj\u0105ce stosowa\u0142y odpowiednie \u015brodki bezpiecze\u0144stwa w ka\u017cdym przypadku, gdy przetwarzaj\u0105 Dane osobowe na zlecenie Administratora.<\/p>\n<p>4.3. Administrator na bie\u017c\u0105co analizuje ryzyka i monitoruje adekwatno\u015b\u0107 stosowanych zabezpiecze\u0144 danych do identyfikowanych zagro\u017ce\u0144. W przypadku, gdy oka\u017ce si\u0119 to konieczne Administrator wdra\u017ca dodatkowe \u015brodki s\u0142u\u017c\u0105ce zwi\u0119kszeniu bezpiecze\u0144stwa danych.<\/p>\n<h3>5. CELE ORAZ PODSTAWY PRAWNE PRZETWARZANIA<\/h3>\n<h5>5.1. KORESPONDENCJA ELEKTRONICZNA I TRADYCYJNA<\/h5>\n<p>5.1.1. W przypadku kierowania do Administratora za po\u015brednictwem poczty elektronicznej lub tradycyjnej korespondencji niezwi\u0105zanej z us\u0142ugami \u015bwiadczonymi na rzecz nadawcy lub inn\u0105 zawart\u0105 z nim umow\u0105, dane osobowe zawarte w tej korespondencji s\u0105 przetwarzane wy\u0142\u0105cznie w celu komunikacji i za\u0142atwienia sprawy, kt\u00f3rej dotyczy korespondencja.<\/p>\n<p>5.1.2. Podstaw\u0105 prawn\u0105 przetwarzania jest prawnie uzasadniony interes Administratora (art. 6 ust.1 lit. f RODO) polegaj\u0105cy na prowadzeniu korespondencji kierowanej do niego w ramach prowadzonej przez niego dzia\u0142alno\u015bci gospodarczej.<\/p>\n<p>5.1.3. Administrator przetwarza jedynie Dane osobowe istotne dla sprawy, kt\u00f3rej dotyczy korespondencja. Ca\u0142o\u015b\u0107 korespondencji jest przechowywana w spos\u00f3b zapewniaj\u0105cy bezpiecze\u0144stwo zawartych w niej danych osobowych (oraz innych informacji) i ujawniana jedynie osobom upowa\u017cnionym.<\/p>\n<p>5.1.4. Podanie danych osobowych w celu wymienionym w pkt 5.1 jest dobrowolne. Brak podania danych b\u0119dzie skutkowa\u0142 niemo\u017cno\u015bci\u0105 za\u0142atwienia sprawy, kt\u00f3rej dotyczy korespondencja.<\/p>\n<h5>5.2. KOMUNIKACJA TELEFONICZNA<\/h5>\n<p>5.2.1. W przypadku kontaktowania si\u0119 z Administratorem drog\u0105 telefoniczn\u0105, w sprawach niezwi\u0105zanych z zawart\u0105 umow\u0105 lub \u015bwiadczonymi us\u0142ugami, Administrator mo\u017ce \u017c\u0105da\u0107 podania Danych osobowych tylko w\u00f3wczas, gdy b\u0119dzie to niezb\u0119dne do obs\u0142ugi sprawy, kt\u00f3rej dotyczy kontakt. Podstaw\u0105 prawn\u0105 jest w takim wypadku prawnie uzasadniony interes Administratora (art. 6 ust. 1 lit. f RODO) polegaj\u0105cy na konieczno\u015bci rozwi\u0105zania zg\u0142oszonej sprawy zwi\u0105zanej z prowadzon\u0105 przez niego dzia\u0142alno\u015bci\u0105 gospodarcz\u0105.<\/p>\n<p>5.2.2. Podanie danych osobowych w celu wymienionym w pkt 5.2 jest dobrowolne. Brak podania danych b\u0119dzie skutkowa\u0142 niemo\u017cno\u015bci\u0105 za\u0142atwienia sprawy, kt\u00f3rej dotyczy korespondencja.<\/p>\n<h5>5.3. PROFILE NA PORTALU LINKEDIN<\/h5>\n<p>5.3.1. Administrator posiada publiczne profile na portalu spo\u0142eczno\u015bciowym LinkedIn. W zwi\u0105zku z tym przetwarza dane, kt\u00f3re pozostawiaj\u0105 osoby odwiedzaj\u0105ce ten profil.<\/p>\n<p>5.3.2. Dane osobowe takich os\u00f3b s\u0105 przetwarzane:<\/p>\n<p>5.3.2.1. w celu umo\u017cliwienia im aktywno\u015bci na profilach;<\/p>\n<p>5.3.2.2. w celu efektywnego prowadzenia profili, poprzez przedstawianie u\u017cytkownikom portali informacji o inicjatywach i innej aktywno\u015bci Administratora oraz w zwi\u0105zku z promowaniem r\u00f3\u017cnego rodzaju wydarze\u0144, us\u0142ug oraz produkt\u00f3w;<\/p>\n<p>5.3.2.3. w celach statystycznych i analitycznych;<\/p>\n<p>5.3.2.4. ewentualnie mog\u0105 by\u0107 przetwarzane w celu dochodzenia roszcze\u0144 i obrony przed roszczeniami.<\/p>\n<p>5.3.3. Podstaw\u0105 prawn\u0105 przetwarzania Danych osobowych jest prawnie uzasadniony interes Administratora (art. 6 ust. 1 lit. f RODO), polegaj\u0105cy na:<\/p>\n<p>5.3.3.1. promowaniu w\u0142asnej marki oraz poprawianiu jako\u015bci \u015bwiadczonych us\u0142ug,<\/p>\n<p>5.3.3.2. w razie takiej konieczno\u015bci \u2013 na dochodzeniu roszcze\u0144 i obronie przed roszczeniami.<\/p>\n<p>5.3.4. Podanie danych osobowych w celu wymienionym w pkt 5.3 jest dobrowolne. Brak podania danych b\u0119dzie skutkowa\u0142 niemo\u017cno\u015bci\u0105 za\u0142atwienia sprawy, kt\u00f3rej dotyczy korespondencja oraz brak mo\u017cliwo\u015bci korzystania z funkcjonalno\u015bci profilu Administratora na profilu spo\u0142eczno\u015bciowym LinkedIn.<\/p>\n<h5>5.4. REKTRUTACJA<\/h5>\n<p>5.4.1. W ramach proces\u00f3w rekrutacyjnych Administrator oczekuje przekazywania Danych osobowych (np. w CV lub \u017cyciorysie) jedynie w zakresie okre\u015blonym w przepisach prawa pracy. W zwi\u0105zku z tym nie nale\u017cy przekazywa\u0107 informacji w szerszym zakresie. W razie, gdy przes\u0142ane aplikacje b\u0119d\u0105 zawiera\u0107 dodatkowe dane, wykraczaj\u0105ce poza zakres wskazany przepisami prawa pracy, ich przetwarzanie b\u0119dzie oparte na zgodzie kandydata(art. 6 ust. 1 lit. a RODO), wyra\u017conej poprzez jednoznaczn\u0105 czynno\u015b\u0107 potwierdzaj\u0105c\u0105, jak\u0105 jest przes\u0142anie przez kandydata dokument\u00f3w aplikacyjnych. W przypadku, gdy przes\u0142ane aplikacje b\u0119d\u0105 zawiera\u0107 informacje nieadekwatne do celu, jakim jest rekrutacja, nie b\u0119d\u0105 one wykorzystywane ani uwzgl\u0119dniane w procesie rekrutacyjnym.<\/p>\n<p>5.4.2. Dane osobowe s\u0105 przetwarzane:<\/p>\n<p>5.4.2.1. w przypadku, gdy preferowan\u0105 form\u0105 zatrudnienia jest umowa o prac\u0119 \u2013 w celu wykonania obowi\u0105zk\u00f3w wynikaj\u0105cych z przepis\u00f3w prawa, zwi\u0105zanych z procesem zatrudnienia, w tym przede wszystkim Kodeksu pracy \u2013 podstaw\u0105 prawn\u0105 przetwarzania jest obowi\u0105zek prawny ci\u0105\u017c\u0105cy na Administratorze (art. 6 ust. 1 lit.c RODO w zwi\u0105zku z przepisami prawa pracy);<\/p>\n<p>5.4.2.2. w przypadku, gdy preferowan\u0105 form\u0105 zatrudnienia jest umowa cywilnoprawna\u2013 w celu prowadzenia procesu rekrutacyjnego \u2013 podstaw\u0105 prawn\u0105 przetwarzania danych zawartych w dokumentach aplikacyjnych jest podj\u0119cie dzia\u0142a\u0144 przed zawarciem umowy na \u017c\u0105danie osoby, kt\u00f3rej dane dotycz\u0105 (art. 6 ust. 1 lit. b RODO);<\/p>\n<p>5.4.2.3. w celu przeprowadzenia procesu rekrutacji w zakresie danych niewymaganych przepisami prawa ani przez Administratora, a tak\u017ce dla cel\u00f3w przysz\u0142ych proces\u00f3w rekrutacyjnych \u2013 podstaw\u0105 prawn\u0105 przetwarzania jest zgoda (art. 6 ust. 1 lit. a RODO);<\/p>\n<p>5.4.2.4. w celu weryfikacji kwalifikacji i umiej\u0119tno\u015bci kandydata lub kandydatki oraz ustalenia warunk\u00f3w wsp\u00f3\u0142pracy \u2013 podstaw\u0105 prawn\u0105 przetwarzania danych jest prawnie uzasadniony interes Administratora (art. 6 ust. 1 lit. f RODO). Prawnie uzasadnionym interesem Administratora jest weryfikacja kandydat\u00f3w do pracy oraz okre\u015blenie warunk\u00f3w ewentualnej wsp\u00f3\u0142pracy;<\/p>\n<p>5.4.2.5. w celu ustalenia lub dochodzenia przez Administratora ewentualnych roszcze\u0144 lub obrony przed roszczeniami wysuwanymi wobec Administratora \u2013 podstaw\u0105 prawn\u0105 przetwarzania danych jest prawnie uzasadniony interes Administratora (art. 6 ust. 1 lit. f RODO).5.4.3. W zakresie w jakim Dane osobowe s\u0105 przetwarzane w oparciu o wyra\u017con\u0105 zgod\u0119, mo\u017cna j\u0105 wycofa\u0107 w ka\u017cdym czasie, bez wp\u0142ywu na zgodno\u015b\u0107 z prawem przetwarzania dokonanego przed jej wycofaniem. W przypadku wyra\u017cenia zgody dla cel\u00f3w przysz\u0142ych proces\u00f3w rekrutacyjnych, dane osobowe usuwane s\u0105 nie p\u00f3\u017aniej ni\u017c po up\u0142ywie dw\u00f3ch lat &#8211; o ile wcze\u015bniej zgoda nie zosta\u0142a wycofana.<\/p>\n<p>5.4.4. Podanie danych w zakresie okre\u015blonym w art. 22(1) Kodeksu pracy jest wymagane \u2013 w przypadku preferowania przez kandydata zatrudnienia w oparciu o umow\u0119 o prac\u0119 \u2013 przez przepisy prawa, w tym przede wszystkim przez Kodeks pracy, za\u015b w przypadku preferowania zatrudnienia w oparciu o umow\u0119 cywilnoprawn\u0105 \u2013 przez Administratora. Konsekwencj\u0105 niepodania tych danych jest brak mo\u017cliwo\u015bci rozpatrzenia danej kandydatury w procesie rekrutacyjnym. Podanie innych danych jest dobrowolne.<\/p>\n<h5>5.5. ZBIERANIE DANYCH W ZWI\u0104ZKU ZE \u015aWIADCZENIEM US\u0141UG LUB WYKONYWANIEM INNYCH UM\u00d3W NA RZECZ OS\u00d3B FIZYCZNYCH<\/h5>\n<p>5.5.1. W razie zbierania danych dla cel\u00f3w zwi\u0105zanych z wykonaniem konkretnej umowy, Administrator przekazuje osobie, kt\u00f3rej dane dotycz\u0105, szczeg\u00f3\u0142owe informacje dotycz\u0105ce przetwarzania jej danych osobowych w momencie zawierania umowy lub w momencie pozyskania danych osobowych w przypadku, gdy przetwarzanie jest niezb\u0119dne w celu podj\u0119cia przez Administratora dzia\u0142a\u0144 na \u017c\u0105danie Podmiotu danych, przed zawarciem umowy.<\/p>\n<p>5.5.2. Dane osobowe, o kt\u00f3rych mowa w powy\u017cszym pkt. 5.5.1 takich os\u00f3b s\u0105 przetwarzane w celu:<\/p>\n<p>5.5.2.1. \u015bwiadczenia us\u0142ug po\u015brednictwa w obrocie nieruchomo\u015bciami zgodnie z obowi\u0105zuj\u0105cymi w danym zakresie przepisami, wykazania, \u017ce Administrator \u015bwiadczenia us\u0142ug zgodnie z przepisami (podstawa prawna: art. 6 ust. 1 lit. c &#8211; obowi\u0105zki prawne ci\u0105\u017c\u0105ce na Administratorze);<\/p>\n<p>5.5.2.2. \u015bwiadczenia us\u0142ug profesjonalnych na rzecz klient\u00f3w w zwi\u0105zku z zawarciem i wykonaniem um\u00f3w, a tak\u017ce dochodzenie oraz obrona przed roszczeniami zwi\u0105zanymi z zawartymi z klientami umowami lub\/oraz \u015bwiadczonymi us\u0142ugami, a tak\u017ce w celach archiwizacyjnych tj. w celu dokumentowania zrealizowanych albo otrzymanych us\u0142ug, (podstawa prawna: art. 6 ust. 1 lit. f \u2013 prawnie uzasadnione interesy Administratora);<\/p>\n<p>5.5.3. Dane osobowe, o kt\u00f3rych mowa w powy\u017cszym pkt. 5.5.1 s\u0105 przetwarzane w celu realizacji prawnie uzasadnionego interesu Administratora oraz jego kontrahenta (art. 6 ust. 1 lit. f RODO), polegaj\u0105cego na umo\u017cliwieniu prawid\u0142owego i efektywnego wykonywania umowy.<\/p>\n<p>5.5.4. Podanie danych jest potrzebne do zawarcia i wykonania umowy z Administratorem, brak podania danych mo\u017ce skutkowa\u0107 odmow\u0105 zawarcia umowy lub \u015bwiadczenia us\u0142ug.<\/p>\n<h5>5.6. PRZETWARZANIE DANYCH OSOBOWYCH CZ\u0141ONK\u00d3W PERSONELU KONTRAHENT\u00d3W LUB KLIENT\u00d3W WSP\u00d3\u0141PRACUJ\u0104CYCH Z ADMINISTRATOREM<\/h5>\n<p>5.6.1. W zwi\u0105zku z zawieraniem um\u00f3w w ramach prowadzonej dzia\u0142alno\u015bci, Administrator pozyskuje od kontrahent\u00f3w \/ klient\u00f3w dane os\u00f3b zaanga\u017cowanych w realizacj\u0119 takich um\u00f3w (np. os\u00f3b uprawnionych do kontaktu, wykonuj\u0105cych zlecenia itp.). Zakres przekazywanych danych jest w ka\u017cdym wypadku ograniczony do stopnia niezb\u0119dnego dla wykonania umowy i zazwyczaj nie obejmuje innych informacji ni\u017c imi\u0119 i nazwisko oraz s\u0142u\u017cbowe dane kontaktowe.<\/p>\n<p>5.6.2. Takie dane osobowe s\u0105 przetwarzane w celu realizacji prawnie uzasadnionego interesu Administratora oraz jego kontrahenta (art. 6 ust. 1 lit. f RODO), polegaj\u0105cego na umo\u017cliwieniu prawid\u0142owego i efektywnego wykonywania umowy. Takie dane mog\u0105 by\u0107 ujawniane osobom trzecim zaanga\u017cowanym w realizacj\u0119 umowy.<\/p>\n<p>5.6.3. Dane przetwarzane s\u0105 przez okres niezb\u0119dny do realizacji powy\u017cszych interes\u00f3w oraz wykonania obowi\u0105zk\u00f3w wynikaj\u0105cych z przepis\u00f3w.<\/p>\n<p>5.6.4. \u0179r\u00f3d\u0142em danych osobowych jest podmiot, kt\u00f3ry udost\u0119pnia Administratorowi dane osobowe w ramach korzystania z us\u0142ug Administratora tj. klient.<\/p>\n<p>5.6.5. Podmiotom danych, o kt\u00f3rych mowa w pkt. 5.6.1 przys\u0142uguje prawo wniesienia sprzeciwu wzgl\u0119dem przetwarzania danych osobowych w celu okre\u015blonym w pkt 5.6.1 i 5.6.2 powy\u017cej, z przyczyn zwi\u0105zanych z ich szczeg\u00f3ln\u0105 sytuacj\u0105.<\/p>\n<p>5.6.6. Podanie danych jest potrzebne do zawarcia i wykonania umowy z Administratorem, brak podania danych mo\u017ce skutkowa\u0107 odmow\u0105 zawarcia umowy lub \u015bwiadczenia us\u0142ug.<\/p>\n<h5>5.7. ZBIERANIE DANYCH W RAMACH KONTAKT\u00d3W BIZNESOWYCH<\/h5>\n<p>5.7.1. W zwi\u0105zku z prowadzon\u0105 dzia\u0142alno\u015bci\u0105 Administrator zbiera dane osobowe tak\u017ce w innych przypadkach &#8211; np. podczas spotka\u0144 biznesowych czy poprzez wymian\u0119 wizyt\u00f3wek &#8211; w celach zwi\u0105zanych z inicjowaniem i utrzymywaniem kontakt\u00f3w biznesowych. Podstaw\u0105 prawn\u0105 przetwarzania jest w tym wypadku uzasadniony interes Administratora (art. 6 ust. 1 lit. f RODO) polegaj\u0105cy na tworzeniu sieci kontakt\u00f3w w zwi\u0105zku z prowadzon\u0105 dzia\u0142alno\u015bci\u0105.<\/p>\n<p>5.7.2. Dane osobowe zebrane w takich przypadkach przetwarzane s\u0105 wy\u0142\u0105cznie w celu, dla jakiego zosta\u0142y zebrane, a Administrator zapewnia ich odpowiedni\u0105 ochron\u0119.<\/p>\n<h5>5.8. ZBIERANIE DANYCH W ZWI\u0104ZKU Z WYKONYWANIEM OBOWI\u0104ZK\u00d3W ADMINISTRATORA JAKO INSTYTUCJI OBOWI\u0104ZANEJ<\/h5>\n<p>5.8.1. W celu realizacji obowi\u0105zk\u00f3w wynikaj\u0105cych z przepis\u00f3w prawa w zwi\u0105zku z prowadzeniem dzia\u0142alno\u015bci prawnej przez Administratora w celu wype\u0142nienia obowi\u0105zk\u00f3w ci\u0105\u017c\u0105cych na Administratorze w zakresie wskazanym w przepisach ustawy z dnia 1 marca 2018 r. o przeciwdzia\u0142aniu praniu pieni\u0119dzy oraz finansowaniu terroryzmu (ustawa AML) w szczeg\u00f3lno\u015bci w celu dokonania oceny ryzyka prania pieni\u0119dzy oraz finansowania terroryzmu, stosowania \u015brodk\u00f3w bezpiecze\u0144stwa finansowego, w tym identyfikacji i weryfikacji to\u017csamo\u015bci klienta Administratora oraz os\u00f3b upowa\u017cnionych do dzia\u0142ania w jego imieniu oraz bie\u017c\u0105cego monitorowania relacji gospodarczych pomi\u0119dzy Administratorem a jego klientami (podstawa prawna: art. 6 ust. 1 lit. c RODO);<\/p>\n<p>5.8.2. Dane osobowe podmiot\u00f3w danych b\u0119d\u0105 przechowywane przez okres 5 lat, licz\u0105c od dnia zako\u0144czenia relacji gospodarczych z klientem lub od dnia dokonania transakcji okazjonalnej &#8211; w przypadku danych osobowych przetwarzanych przez prawnik\u00f3w jako instytucje zobowi\u0105zane z zastrze\u017ceniem, \u017ce okres ten mo\u017ce zosta\u0107 przed\u0142u\u017cony przez w\u0142a\u015bciwy organ o nie wi\u0119cej ni\u017c 5 lat, gdy jest to potrzebne ze wzgl\u0119du na tocz\u0105ce si\u0119 post\u0119powanie w sprawie prania pieni\u0119dzy, finansowania terroryzmu lub post\u0119powania karnego (zgodnie z art. 49 ustawy AML),<\/p>\n<p>5.8.3. Podanie danych w celu okre\u015blonym w powy\u017cszym pkt 5.8.1 osobowych jest niezb\u0119dne ze wzgl\u0119du na wymogi wynikaj\u0105ce z ustawy AML; brak podania danych mo\u017ce skutkowa\u0107 obowi\u0105zkiem Administratora poinformowania GIIF, a tak\u017ce mo\u017ce stanowi\u0107 przeszkod\u0119 w nawi\u0105zaniu lub kontynuacji relacji gospodarczych z klientem.<\/p>\n<p>5.8.4. \u0179r\u00f3d\u0142em danych osobowych jest podmiot, kt\u00f3ry udost\u0119pnia Administratorowi dane osobowe w ramach korzystania z us\u0142ug Administratora tj. klient.<\/p>\n<h3>6. ODBIORCY DANYCH<\/h3>\n<p>6.1. W zwi\u0105zku z prowadzeniem dzia\u0142alno\u015bci wymagaj\u0105cej przetwarzania danych osobowych, dane osobowe mog\u0105 by\u0107 ujawniane zewn\u0119trznym podmiotom, w tym w szczeg\u00f3lno\u015bci dostawcom odpowiedzialnym za obs\u0142ug\u0119 system\u00f3w informatycznych i sprz\u0119tu, podmiotom \u015bwiadcz\u0105cym us\u0142ugi ksi\u0119gowe, podmiotom \u015bwiadcz\u0105cym us\u0142ugi prawne, operatorom pocztowym, kurierom, agencjom marketingowym czy rekrutacyjnym.<\/p>\n<p>6.2. Administrator zastrzega sobie prawo ujawnienia wybranych informacji dotycz\u0105cych Podmiotu danych w\u0142a\u015bciwym organom b\u0105d\u017a osobom trzecim, kt\u00f3re zg\u0142osz\u0105 \u017c\u0105danie udzielenia takich informacji, opieraj\u0105c si\u0119 na odpowiedniej podstawie prawnej oraz zgodnie z przepisami obowi\u0105zuj\u0105cego prawa.<\/p>\n<h3>7. PRZEKAZYWANIE DANYCH POZA EOG<\/h3>\n<p>7.1. Poziom ochrony Danych osobowych poza Europejskim Obszarem Gospodarczym (\u201eEOG\u201d) r\u00f3\u017cnisi\u0119 od tego zapewnianego przez prawo europejskie. Z tego powodu Administrator przekazuje Dane osobowe poza EOG tylko wtedy, gdy jest to konieczne, i z zapewnieniem odpowiedniego stopnia ochrony, przede wszystkim poprzez:<\/p>\n<p>7.1.1. wsp\u00f3\u0142prac\u0119 z podmiotami przetwarzaj\u0105cymi Dane osobowe w pa\u0144stwach, w odniesieniu do kt\u00f3rych zosta\u0142a wydana stosowna decyzja Komisji Europejskiej dotycz\u0105ca stwierdzenia zapewnienia odpowiedniego stopnia ochrony Danych osobowych;<\/p>\n<p>7.1.2. stosowanie standardowych klauzul umownych wydanych przez Komisj\u0119 Europejsk\u0105;<\/p>\n<p>7.1.3. stosowanie wi\u0105\u017c\u0105cych regu\u0142 korporacyjnych zatwierdzonych przez w\u0142a\u015bciwy organ nadzorczy.<\/p>\n<h3>8. OKRES PRZETWARZANIA DANYCH OSOBOWYCH<\/h3>\n<p>8.1. Okres przetwarzania danych przez Administratora zale\u017cy od rodzaju \u015bwiadczonej us\u0142ugi i celu przetwarzania. Okres przetwarzania danych mo\u017ce tak\u017ce wynika\u0107 z przepis\u00f3w, gdy stanowi\u0105 one podstaw\u0119 przetwarzania. W przypadku przetwarzania danych na podstawie uzasadnionego interesu Administratora \u2013 np. ze wzgl\u0119d\u00f3w bezpiecze\u0144stwa \u2013 dane przetwarzane s\u0105 przez okres umo\u017cliwiaj\u0105cy realizacj\u0119 tego interesu lub do zg\u0142oszenia skutecznego sprzeciwu wzgl\u0119dem przetwarzania danych. Je\u015bli przetwarzanie odbywa si\u0119 na podstawie zgody, dane przetwarzane s\u0105 do jej wycofania. Gdy podstaw\u0119 przetwarzania stanowi niezb\u0119dno\u015b\u0107 do zawarcia i wykonania umowy, dane s\u0105 przetwarzane do momentu jej rozwi\u0105zania.<\/p>\n<p>8.2. Okres przetwarzania danych mo\u017ce by\u0107 przed\u0142u\u017cony w przypadku, gdy przetwarzanie jest niezb\u0119dne do ustalenia lub dochodzenia roszcze\u0144 lub obrony przed roszczeniami, a po tym okresie &#8211; jedynie w przypadku i w zakresie, w jakim b\u0119d\u0105 wymaga\u0107 tego przepisy prawa. Po up\u0142ywie okresu przetwarzania dane s\u0105 nieodwracalnie usuwane lub anonimizowane.<\/p>\n<h3>9. UPRAWNIENIA ZWI\u0104ZANE Z PRZETWARZANIEM DANYCH OSOBOWYCH<\/h3>\n<p>9.1. PRAWA PODMIOT\u00d3W DANYCH<\/p>\n<p>9.1.1. Podmiotom danych przys\u0142uguj\u0105 nast\u0119puj\u0105ce prawa:<\/p>\n<p>9.1.1.1. prawo do informacji o przetwarzaniu danych osobowych \u2013 na tej podstawie Administrator przekazuje osobie fizycznej zg\u0142aszaj\u0105cej \u017c\u0105danie informacj\u0119 o przetwarzaniu danych, w tym przede wszystkim o celach i podstawach prawnych przetwarzania, zakresie posiadanych danych, podmiotach, kt\u00f3rym s\u0105 ujawniane, i planowanym terminie usuni\u0119cia danych;<\/p>\n<p>9.1.1.2. prawo uzyskania kopii danych \u2013 na tej podstawie Administrator przekazuje kopi\u0119 przetwarzanych danych dotycz\u0105cych osoby fizycznej zg\u0142aszaj\u0105cej \u017c\u0105danie;<\/p>\n<p>9.1.1.3. prawo do sprostowania \u2013 Administrator zobowi\u0105zany jest usuwa\u0107 ewentualne niezgodno\u015bci lub b\u0142\u0119dy przetwarzanych Danych osobowych oraz uzupe\u0142nia\u0107 je, je\u015bli s\u0105 niekompletne;<\/p>\n<p>9.1.1.4. prawo do usuni\u0119cia danych \u2013 na tej podstawie mo\u017cna \u017c\u0105da\u0107 usuni\u0119cia danych, kt\u00f3rych przetwarzanie nie jest ju\u017c niezb\u0119dne do realizowania \u017cadnego z cel\u00f3w, dla kt\u00f3rych zosta\u0142y zebrane;<\/p>\n<p>9.1.1.5. prawo do ograniczenia przetwarzania \u2013 w razie zg\u0142oszenia takiego \u017c\u0105dania Administrator zaprzestaje wykonywania operacji na Danych osobowych \u2013 z wyj\u0105tkiem operacji, na kt\u00f3re wyrazi\u0142 zgod\u0119 Podmiot danych \u2013 oraz ich przechowywania, zgodnie z przyj\u0119tymi zasadami retencji lub dop\u00f3ki nie ustan\u0105 przyczyny ograniczenia przetwarzania danych (np. zostanie wydana decyzja organu nadzorczego zezwalaj\u0105ca na dalsze przetwarzanie danych);<\/p>\n<p>9.1.1.6. prawo do przenoszenia danych \u2013 na tej podstawie \u2013 w zakresie, w jakim dane s\u0105 przetwarzane w spos\u00f3b zautomatyzowany w zwi\u0105zku z zawart\u0105 umow\u0105 lub wyra\u017con\u0105 zgod\u0105 \u2013 Administrator wydaje dane dostarczone przez osob\u0119, kt\u00f3rej one dotycz\u0105, w formacie pozwalaj\u0105cym na odczyt danych przez komputer. Mo\u017cliwe jest tak\u017ce za\u017c\u0105danie przes\u0142ania tych danych innemu podmiotowi, jednak\u017ce pod warunkiem, \u017ce istniej\u0105 w tym zakresie techniczne mo\u017cliwo\u015bci zar\u00f3wno po stronie Administratora, jak r\u00f3wnie\u017c wskazanego podmiotu;<\/p>\n<p>9.1.1.7. prawo sprzeciwu wobec przetwarzania danych w celach marketingowych \u2013 Podmiot danych mo\u017ce w ka\u017cdym momencie sprzeciwi\u0107 si\u0119 przetwarzaniu Danych osobowych w celach marketingowych, bez konieczno\u015bci uzasadnienia takiego sprzeciwu;<\/p>\n<p>9.1.1.8. prawo sprzeciwu wobec innych cel\u00f3w przetwarzania danych \u2013 Podmiot danych mo\u017ce w ka\u017cdym momencie sprzeciwi\u0107 si\u0119 \u2013 z przyczyn zwi\u0105zanych z jego szczeg\u00f3ln\u0105 sytuacj\u0105 \u2013 przetwarzaniu Danych osobowych, kt\u00f3re odbywa si\u0119 na podstawie prawnie uzasadnionego interesu Administratora (np. dla cel\u00f3w analitycznych lub statystycznych albo ze wzgl\u0119d\u00f3w zwi\u0105zanych z ochron\u0105 mienia); sprzeciw w tym zakresie powinien zawiera\u0107 uzasadnienie;<\/p>\n<p>9.1.1.9. prawo wycofania zgody \u2013 je\u015bli dane przetwarzane s\u0105 na podstawie wyra\u017conej zgody, Podmiot danych ma prawo wycofa\u0107 j\u0105 w dowolnym momencie, co jednak nie wp\u0142ywa na zgodno\u015b\u0107 z prawem przetwarzania dokonanego przed jej wycofaniem;<\/p>\n<p>9.1.1.10. prawo do skargi \u2013 w przypadku uznania, \u017ce przetwarzanie Danych osobowych narusza przepisy RODO lub inne przepisy dotycz\u0105ce ochrony Danych osobowych, Podmiot danych mo\u017ce z\u0142o\u017cy\u0107 skarg\u0119 do organu nadzoruj\u0105cego przetwarzanie Danych osobowych, w\u0142a\u015bciwego ze wzgl\u0119du na miejsce zwyk\u0142ego pobytu Podmiotu danych, jego miejsce pracy lub miejsce pope\u0142nienia domniemanego naruszenia. W Polsce organem nadzorczym jest Prezes Urz\u0119du Ochrony Danych Osobowych.<\/p>\n<h3>10. INFORMACJE O ZAUTOMATYZOWANYM PODEJMOWANIU DECYZJI, W TYM PROFILOWANIU<\/h3>\n<p>10.1. Pani\/Pana dane osobowe nie b\u0119d\u0105 podlega\u0142y zautomatyzowanemu podejmowaniu decyzji ani profilowaniu.<\/p>\n<h3>11. ZMIANY POLITYKI PRZETWARZANIA DANYCH OSOBOWYCH<\/h3>\n<p>11.1. Polityka jest na bie\u017c\u0105co weryfikowana i w razie potrzeby aktualizowana.<\/p>\n<p>11.2. Ostatnia aktualizacja Polityki mia\u0142a miejsce dnia 24.05.2023 r.<\/p>\n<p> <\/p>\n\n<\/div><\/div><\/div>\n<\/section>","protected":false},"excerpt":{"rendered":"<p>Polityka cookies 1. DEFINICJE 1.1. Administrator \u2013 NAVIMO z siedzib\u0105 w Warszawie 02-133, Al. Krakowska 291A\/36, REGON:260180638, NIP: 959-160-06-81. 1.2. Dane osobowe \u2013 informacje o osobie fizycznej zidentyfikowanej lub mo\u017cliwej do zidentyfikowania poprzez jeden b\u0105d\u017a kilka szczeg\u00f3lnych czynnik\u00f3w okre\u015blaj\u0105cych fizyczn\u0105, fizjologiczn\u0105, genetyczn\u0105, psychiczn\u0105, ekonomiczn\u0105, kulturow\u0105 lub spo\u0142eczn\u0105 to\u017csamo\u015b\u0107, w tym wizerunek,nagranie g\u0142osu, dane kontaktowe, dane [&hellip;]<\/p>\n","protected":false},"author":14,"featured_media":0,"parent":0,"menu_order":0,"comment_status":"closed","ping_status":"closed","template":"","meta":{"_acf_changed":false,"om_disable_all_campaigns":false,"inline_featured_image":false,"_monsterinsights_skip_tracking":false,"_monsterinsights_sitenote_active":false,"_monsterinsights_sitenote_note":"","_monsterinsights_sitenote_category":0,"_oxygen_hide_in_design_set":false,"_oxygen_tags":"","footnotes":""},"class_list":["post-69","page","type-page","status-publish","hentry"],"acf":[],"aioseo_notices":[],"_links":{"self":[{"href":"https:\/\/navimo.pl\/en\/wp-json\/wp\/v2\/pages\/69","targetHints":{"allow":["GET"]}}],"collection":[{"href":"https:\/\/navimo.pl\/en\/wp-json\/wp\/v2\/pages"}],"about":[{"href":"https:\/\/navimo.pl\/en\/wp-json\/wp\/v2\/types\/page"}],"author":[{"embeddable":true,"href":"https:\/\/navimo.pl\/en\/wp-json\/wp\/v2\/users\/14"}],"replies":[{"embeddable":true,"href":"https:\/\/navimo.pl\/en\/wp-json\/wp\/v2\/comments?post=69"}],"version-history":[{"count":20,"href":"https:\/\/navimo.pl\/en\/wp-json\/wp\/v2\/pages\/69\/revisions"}],"predecessor-version":[{"id":2778,"href":"https:\/\/navimo.pl\/en\/wp-json\/wp\/v2\/pages\/69\/revisions\/2778"}],"wp:attachment":[{"href":"https:\/\/navimo.pl\/en\/wp-json\/wp\/v2\/media?parent=69"}],"curies":[{"name":"wp","href":"https:\/\/api.w.org\/{rel}","templated":true}]}}